{"id":4293,"date":"2021-01-07T23:56:20","date_gmt":"2021-01-07T23:56:20","guid":{"rendered":"https:\/\/myrentalhost.com\/?page_id=4293"},"modified":"2021-01-14T13:57:09","modified_gmt":"2021-01-14T13:57:09","slug":"prensa-apartamentos-turisticos","status":"publish","type":"page","link":"https:\/\/myrentalhost.com\/en\/prensa-apartamentos-turisticos\/","title":{"rendered":"Prensa"},"content":{"rendered":"<p><div class=\"fusion-fullwidth fullwidth-box fusion-builder-row-1 fusion-flex-container fusion-parallax-none nonhundred-percent-fullwidth non-hundred-percent-height-scrolling\" style=\"--awb-background-position:center top;--awb-border-sizes-top:0px;--awb-border-sizes-bottom:0px;--awb-border-sizes-left:0px;--awb-border-sizes-right:0px;--awb-border-radius-top-left:0px;--awb-border-radius-top-right:0px;--awb-border-radius-bottom-right:0px;--awb-border-radius-bottom-left:0px;--awb-padding-top:40px;--awb-padding-bottom:40px;--awb-padding-left:35px;--awb-background-image:url(&quot;https:\/\/myrentalhost.com\/wp-content\/uploads\/2021\/01\/Depositphotos_148910169_xl-2015-scaled.jpg&quot;);--awb-background-size:cover;--awb-flex-wrap:wrap;\" ><div class=\"fusion-builder-row fusion-row fusion-flex-align-items-flex-start fusion-flex-content-wrap\" style=\"max-width:1320.8px;margin-left: calc(-4% \/ 2 );margin-right: calc(-4% \/ 2 );\"><div class=\"fusion-layout-column fusion_builder_column fusion-builder-column-0 fusion_builder_column_1_5 1_5 fusion-flex-column fusion-no-small-visibility\" style=\"--awb-bg-size:cover;--awb-width-large:20%;--awb-margin-top-large:25px;--awb-spacing-right-large:9.6%;--awb-margin-bottom-large:25px;--awb-spacing-left-large:9.6%;--awb-width-medium:100%;--awb-spacing-right-medium:1.92%;--awb-spacing-left-medium:1.92%;--awb-width-small:100%;--awb-spacing-right-small:1.92%;--awb-spacing-left-small:1.92%;\"><div class=\"fusion-column-wrapper fusion-flex-justify-content-flex-start fusion-content-layout-column\"><\/div><\/div><div class=\"fusion-layout-column fusion_builder_column fusion-builder-column-1 fusion_builder_column_3_5 3_5 fusion-flex-column fusion-animated\" style=\"--awb-padding-top:60px;--awb-padding-right:60px;--awb-padding-bottom:60px;--awb-padding-left:60px;--awb-bg-position:center center;--awb-bg-size:cover;--awb-width-large:60%;--awb-margin-top-large:25px;--awb-spacing-right-large:3.2%;--awb-margin-bottom-large:25px;--awb-spacing-left-large:3.2%;--awb-width-medium:100%;--awb-spacing-right-medium:1.92%;--awb-margin-bottom-medium:0px;--awb-spacing-left-medium:1.92%;--awb-width-small:100%;--awb-spacing-right-small:1.92%;--awb-margin-bottom-small:0px;--awb-spacing-left-small:1.92%;\" data-animationType=\"slideInDown\" data-animationDuration=\"1\" data-animationOffset=\"top-into-view\"><div class=\"fusion-column-wrapper fusion-flex-justify-content-flex-start fusion-content-layout-column\"><div class=\"fusion-title title fusion-title-1 fusion-sep-none fusion-title-center fusion-title-text fusion-title-size-two\" style=\"--awb-text-color:#ffffff;--awb-margin-top-small:8px;--awb-margin-right-small:0px;--awb-margin-bottom-small:16px;--awb-margin-left-small:0px;--awb-font-size:6em;\"><h2 class=\"fusion-title-heading title-heading-center fusion-responsive-typography-calculated\" style=\"margin:0;font-size:1em;--fontSize:96;line-height:1.13;\">Prensa<\/h2><\/div><div class=\"fusion-text fusion-text-1\" style=\"--awb-content-alignment:center;--awb-text-color:#ffffff;\"><\/div><\/div><\/div><div class=\"fusion-layout-column fusion_builder_column fusion-builder-column-2 fusion_builder_column_1_5 1_5 fusion-flex-column fusion-no-small-visibility\" style=\"--awb-bg-size:cover;--awb-width-large:20%;--awb-margin-top-large:25px;--awb-spacing-right-large:9.6%;--awb-margin-bottom-large:25px;--awb-spacing-left-large:9.6%;--awb-width-medium:100%;--awb-spacing-right-medium:1.92%;--awb-spacing-left-medium:1.92%;--awb-width-small:100%;--awb-spacing-right-small:1.92%;--awb-spacing-left-small:1.92%;\"><div class=\"fusion-column-wrapper fusion-flex-justify-content-flex-start fusion-content-layout-column\"><\/div><\/div><\/div><\/div><div class=\"fusion-fullwidth fullwidth-box fusion-builder-row-2 fusion-flex-container nonhundred-percent-fullwidth non-hundred-percent-height-scrolling\" style=\"--awb-background-position:left top;--awb-border-sizes-top:0px;--awb-border-sizes-bottom:0px;--awb-border-sizes-left:0px;--awb-border-sizes-right:0px;--awb-border-radius-top-left:0px;--awb-border-radius-top-right:0px;--awb-border-radius-bottom-right:0px;--awb-border-radius-bottom-left:0px;--awb-padding-top:0px;--awb-padding-bottom:0px;--awb-margin-bottom:0px;--awb-background-color:#f2f2f2;--awb-flex-wrap:wrap;\" ><div class=\"fusion-builder-row fusion-row fusion-flex-align-items-flex-start fusion-flex-content-wrap\" style=\"max-width:1320.8px;margin-left: calc(-4% \/ 2 );margin-right: calc(-4% \/ 2 );\"><div class=\"fusion-layout-column fusion_builder_column fusion-builder-column-3 fusion_builder_column_1_6 1_6 fusion-flex-column fusion-no-small-visibility\" style=\"--awb-bg-size:cover;--awb-width-large:16.666666666667%;--awb-margin-top-large:25px;--awb-spacing-right-large:11.52%;--awb-margin-bottom-large:25px;--awb-spacing-left-large:11.52%;--awb-width-medium:100%;--awb-spacing-right-medium:1.92%;--awb-spacing-left-medium:1.92%;--awb-width-small:100%;--awb-spacing-right-small:1.92%;--awb-spacing-left-small:1.92%;\"><div class=\"fusion-column-wrapper fusion-flex-justify-content-flex-start fusion-content-layout-column\"><\/div><\/div><div class=\"fusion-layout-column fusion_builder_column fusion-builder-column-4 fusion_builder_column_2_3 2_3 fusion-flex-column\" style=\"--awb-bg-size:cover;--awb-width-large:66.666666666667%;--awb-margin-top-large:25px;--awb-spacing-right-large:2.88%;--awb-margin-bottom-large:25px;--awb-spacing-left-large:2.88%;--awb-width-medium:100%;--awb-spacing-right-medium:1.92%;--awb-margin-bottom-medium:0px;--awb-spacing-left-medium:1.92%;--awb-width-small:100%;--awb-spacing-right-small:1.92%;--awb-margin-bottom-small:0px;--awb-spacing-left-small:1.92%;\"><div class=\"fusion-column-wrapper fusion-flex-justify-content-flex-start fusion-content-layout-column\"><div class=\"fusion-text fusion-text-2\"><p style=\"text-align: center;\">Estos son los ultimos articulos de prensa que salieron en los medios hablando de MyRentalHost<\/p>\n<\/div><\/div><\/div><div class=\"fusion-layout-column fusion_builder_column fusion-builder-column-5 fusion_builder_column_1_6 1_6 fusion-flex-column fusion-no-small-visibility\" style=\"--awb-bg-size:cover;--awb-width-large:16.666666666667%;--awb-margin-top-large:25px;--awb-spacing-right-large:11.52%;--awb-margin-bottom-large:25px;--awb-spacing-left-large:11.52%;--awb-width-medium:100%;--awb-spacing-right-medium:1.92%;--awb-spacing-left-medium:1.92%;--awb-width-small:100%;--awb-spacing-right-small:1.92%;--awb-spacing-left-small:1.92%;\"><div class=\"fusion-column-wrapper fusion-flex-justify-content-flex-start fusion-content-layout-column\"><\/div><\/div><\/div><\/div><div class=\"fusion-fullwidth fullwidth-box fusion-builder-row-3 fusion-flex-container nonhundred-percent-fullwidth non-hundred-percent-height-scrolling\" style=\"--awb-border-radius-top-left:0px;--awb-border-radius-top-right:0px;--awb-border-radius-bottom-right:0px;--awb-border-radius-bottom-left:0px;--awb-padding-top:0%;--awb-padding-bottom:0%;--awb-margin-bottom:0px;--awb-flex-wrap:wrap;\" ><div class=\"fusion-builder-row fusion-row fusion-flex-align-items-flex-start fusion-flex-content-wrap\" style=\"max-width:1320.8px;margin-left: calc(-4% \/ 2 );margin-right: calc(-4% \/ 2 );\"><div class=\"fusion-layout-column fusion_builder_column fusion-builder-column-6 fusion_builder_column_1_1 1_1 fusion-flex-column\" style=\"--awb-bg-size:cover;--awb-width-large:100%;--awb-margin-top-large:25px;--awb-spacing-right-large:1.92%;--awb-margin-bottom-large:0px;--awb-spacing-left-large:1.92%;--awb-width-medium:100%;--awb-order-medium:0;--awb-spacing-right-medium:1.92%;--awb-spacing-left-medium:1.92%;--awb-width-small:100%;--awb-order-small:0;--awb-spacing-right-small:1.92%;--awb-spacing-left-small:1.92%;\"><div class=\"fusion-column-wrapper fusion-column-has-shadow fusion-flex-justify-content-flex-start fusion-content-layout-column\"><div class=\"fusion-image-carousel fusion-image-carousel-fixed fusion-image-carousel-1 fusion-carousel-border\"><div class=\"awb-carousel awb-swiper awb-swiper-carousel awb-carousel--carousel awb-swiper-dots-position-bottom\" data-layout=\"carousel\" data-autoplay=\"no\" data-autoplayspeed=\"2500\" data-autoplaypause=\"no\" data-loop=\"yes\" data-columns=\"5\" data-columnsmedium=\"1\" data-columnssmall=\"1\" data-itemmargin=\"13\" data-itemwidth=\"180\" data-touchscroll=\"no\" data-freemode=\"no\" data-imagesize=\"fixed\" data-scrollitems=\"0\" data-centeredslides=\"no\" data-rotationangle=\"50\" data-depth=\"100\" data-speed=\"500\" data-shadow=\"no\" data-pagination=\"bullets\" style=\"--awb-border-width:1px;--awb-border-color:#e9eaee;\"><div class=\"swiper-wrapper awb-image-carousel-wrapper fusion-flex-align-items-center\"><div class=\"swiper-slide\"><div class=\"fusion-carousel-item-wrapper\"><div class=\"fusion-image-wrapper hover-type-none\"><img decoding=\"async\" width=\"245\" height=\"120\" src=\"https:\/\/myrentalhost.com\/wp-content\/uploads\/2021\/01\/el-correro.jpg\" class=\"attachment-blog-medium size-blog-medium\" alt=\"MyRentalHost Prensa\" srcset=\"https:\/\/myrentalhost.com\/wp-content\/uploads\/2021\/01\/el-correro-200x98.jpg 200w, https:\/\/myrentalhost.com\/wp-content\/uploads\/2021\/01\/el-correro.jpg 245w\" sizes=\"(min-width: 2200px) 100vw, (min-width: 928px) 244px, (min-width: 856px) 305px, (min-width: 784px) 406px, (min-width: 712px) 609px, (min-width: 640px) 712px, \" \/><\/div><\/div><\/div><div class=\"swiper-slide\"><div class=\"fusion-carousel-item-wrapper\"><div class=\"fusion-image-wrapper hover-type-none\"><img decoding=\"async\" width=\"271\" height=\"118\" src=\"https:\/\/myrentalhost.com\/wp-content\/uploads\/2021\/01\/La-voz-de-galicia.jpg\" class=\"attachment-blog-medium size-blog-medium\" alt=\"MyRentalHost Prensa\" srcset=\"https:\/\/myrentalhost.com\/wp-content\/uploads\/2021\/01\/La-voz-de-galicia-200x87.jpg 200w, https:\/\/myrentalhost.com\/wp-content\/uploads\/2021\/01\/La-voz-de-galicia.jpg 271w\" sizes=\"(min-width: 2200px) 100vw, (min-width: 928px) 244px, (min-width: 856px) 305px, (min-width: 784px) 406px, (min-width: 712px) 609px, (min-width: 640px) 712px, \" \/><\/div><\/div><\/div><div class=\"swiper-slide\"><div class=\"fusion-carousel-item-wrapper\"><div class=\"fusion-image-wrapper hover-type-none\"><img decoding=\"async\" width=\"255\" height=\"107\" src=\"https:\/\/myrentalhost.com\/wp-content\/uploads\/2021\/01\/Abc.jpg\" class=\"attachment-blog-medium size-blog-medium\" alt=\"MyRentalHost Prensa\" srcset=\"https:\/\/myrentalhost.com\/wp-content\/uploads\/2021\/01\/Abc-200x84.jpg 200w, https:\/\/myrentalhost.com\/wp-content\/uploads\/2021\/01\/Abc.jpg 255w\" sizes=\"(min-width: 2200px) 100vw, (min-width: 928px) 244px, (min-width: 856px) 305px, (min-width: 784px) 406px, (min-width: 712px) 609px, (min-width: 640px) 712px, \" \/><\/div><\/div><\/div><div class=\"swiper-slide\"><div class=\"fusion-carousel-item-wrapper\"><div class=\"fusion-image-wrapper hover-type-none\"><img decoding=\"async\" width=\"267\" height=\"110\" src=\"https:\/\/myrentalhost.com\/wp-content\/uploads\/2021\/01\/El-Pais.jpg\" class=\"attachment-blog-medium size-blog-medium\" alt=\"MyRentalHost Prensa\" srcset=\"https:\/\/myrentalhost.com\/wp-content\/uploads\/2021\/01\/El-Pais-200x82.jpg 200w, https:\/\/myrentalhost.com\/wp-content\/uploads\/2021\/01\/El-Pais.jpg 267w\" sizes=\"(min-width: 2200px) 100vw, (min-width: 928px) 244px, (min-width: 856px) 305px, (min-width: 784px) 406px, (min-width: 712px) 609px, (min-width: 640px) 712px, \" \/><\/div><\/div><\/div><div class=\"swiper-slide\"><div class=\"fusion-carousel-item-wrapper\"><div class=\"fusion-image-wrapper hover-type-none\"><img decoding=\"async\" width=\"264\" height=\"132\" src=\"https:\/\/myrentalhost.com\/wp-content\/uploads\/2021\/01\/sss.jpg\" class=\"attachment-blog-medium size-blog-medium\" alt=\"\" srcset=\"https:\/\/myrentalhost.com\/wp-content\/uploads\/2021\/01\/sss-200x100.jpg 200w, https:\/\/myrentalhost.com\/wp-content\/uploads\/2021\/01\/sss.jpg 264w\" sizes=\"(min-width: 2200px) 100vw, (min-width: 928px) 244px, (min-width: 856px) 305px, (min-width: 784px) 406px, (min-width: 712px) 609px, (min-width: 640px) 712px, \" \/><\/div><\/div><\/div><div class=\"swiper-slide\"><div class=\"fusion-carousel-item-wrapper\"><div class=\"fusion-image-wrapper hover-type-none\"><img decoding=\"async\" width=\"300\" height=\"120\" src=\"https:\/\/myrentalhost.com\/wp-content\/uploads\/2021\/01\/El-Confidencial.jpeg\" class=\"attachment-blog-medium size-blog-medium\" alt=\"El Confindencial MyRentalHost\" srcset=\"https:\/\/myrentalhost.com\/wp-content\/uploads\/2021\/01\/El-Confidencial-200x80.jpeg 200w, https:\/\/myrentalhost.com\/wp-content\/uploads\/2021\/01\/El-Confidencial.jpeg 300w\" sizes=\"(min-width: 2200px) 100vw, (min-width: 928px) 244px, (min-width: 856px) 305px, (min-width: 784px) 406px, (min-width: 712px) 609px, (min-width: 640px) 712px, \" \/><\/div><\/div><\/div><div class=\"swiper-slide\"><div class=\"fusion-carousel-item-wrapper\"><div class=\"fusion-image-wrapper hover-type-none\"><img decoding=\"async\" width=\"263\" height=\"118\" src=\"https:\/\/myrentalhost.com\/wp-content\/uploads\/2021\/01\/El-periodico.jpg\" class=\"attachment-blog-medium size-blog-medium\" alt=\"MyRentalHost Prensa\" srcset=\"https:\/\/myrentalhost.com\/wp-content\/uploads\/2021\/01\/El-periodico-200x90.jpg 200w, https:\/\/myrentalhost.com\/wp-content\/uploads\/2021\/01\/El-periodico.jpg 263w\" sizes=\"(min-width: 2200px) 100vw, (min-width: 928px) 244px, (min-width: 856px) 305px, (min-width: 784px) 406px, (min-width: 712px) 609px, (min-width: 640px) 712px, \" \/><\/div><\/div><\/div><\/div><div class=\"awb-swiper-button awb-swiper-button-prev\"><i class=\"awb-icon-angle-left\" aria-hidden=\"true\"><\/i><\/div><div class=\"awb-swiper-button awb-swiper-button-next\"><i class=\"awb-icon-angle-right\" aria-hidden=\"true\"><\/i><\/div><\/div><\/div><\/div><\/div><\/div><\/div><div class=\"fusion-fullwidth fullwidth-box fusion-builder-row-4 fusion-flex-container nonhundred-percent-fullwidth non-hundred-percent-height-scrolling\" style=\"--awb-border-radius-top-left:0px;--awb-border-radius-top-right:0px;--awb-border-radius-bottom-right:0px;--awb-border-radius-bottom-left:0px;--awb-padding-top:0%;--awb-padding-bottom:0%;--awb-flex-wrap:wrap;\" ><div class=\"fusion-builder-row fusion-row fusion-flex-align-items-flex-start fusion-flex-content-wrap\" style=\"max-width:1320.8px;margin-left: calc(-4% \/ 2 );margin-right: calc(-4% \/ 2 );\"><div class=\"fusion-layout-column fusion_builder_column fusion-builder-column-7 fusion_builder_column_1_2 1_2 fusion-flex-column\" style=\"--awb-bg-size:cover;--awb-width-large:50%;--awb-margin-top-large:25px;--awb-spacing-right-large:3.84%;--awb-margin-bottom-large:25px;--awb-spacing-left-large:3.84%;--awb-width-medium:100%;--awb-order-medium:0;--awb-spacing-right-medium:1.92%;--awb-spacing-left-medium:1.92%;--awb-width-small:100%;--awb-order-small:0;--awb-spacing-right-small:1.92%;--awb-spacing-left-small:1.92%;\"><div class=\"fusion-column-wrapper fusion-column-has-shadow fusion-flex-justify-content-flex-start fusion-content-layout-column\"><div class=\"fusion-text fusion-text-3\"><div id=\"attachment_4340\" style=\"width: 2334px\" class=\"wp-caption alignnone\"><img decoding=\"async\" aria-describedby=\"caption-attachment-4340\" class=\"size-full wp-image-4340\" src=\"https:\/\/myrentalhost.com\/wp-content\/uploads\/2021\/01\/Screenshot-2021-01-12-at-23.37.03.png\" alt=\"Idealista MyRentalHost Prensa\" width=\"2324\" height=\"1418\" srcset=\"https:\/\/myrentalhost.com\/wp-content\/uploads\/2021\/01\/Screenshot-2021-01-12-at-23.37.03-200x122.png 200w, https:\/\/myrentalhost.com\/wp-content\/uploads\/2021\/01\/Screenshot-2021-01-12-at-23.37.03-300x183.png 300w, https:\/\/myrentalhost.com\/wp-content\/uploads\/2021\/01\/Screenshot-2021-01-12-at-23.37.03-400x244.png 400w, https:\/\/myrentalhost.com\/wp-content\/uploads\/2021\/01\/Screenshot-2021-01-12-at-23.37.03-600x366.png 600w, https:\/\/myrentalhost.com\/wp-content\/uploads\/2021\/01\/Screenshot-2021-01-12-at-23.37.03-768x469.png 768w, https:\/\/myrentalhost.com\/wp-content\/uploads\/2021\/01\/Screenshot-2021-01-12-at-23.37.03-800x488.png 800w, https:\/\/myrentalhost.com\/wp-content\/uploads\/2021\/01\/Screenshot-2021-01-12-at-23.37.03-1024x625.png 1024w, https:\/\/myrentalhost.com\/wp-content\/uploads\/2021\/01\/Screenshot-2021-01-12-at-23.37.03-1200x732.png 1200w, https:\/\/myrentalhost.com\/wp-content\/uploads\/2021\/01\/Screenshot-2021-01-12-at-23.37.03-1536x937.png 1536w, https:\/\/myrentalhost.com\/wp-content\/uploads\/2021\/01\/Screenshot-2021-01-12-at-23.37.03.png 2324w\" sizes=\"(max-width: 2324px) 100vw, 2324px\" \/><p id=\"caption-attachment-4340\" class=\"wp-caption-text\">Idealista MyRentalHost Prensa<\/p><\/div>\n<h1 class=\"field-name-title\" style=\"line-height: 30px; font-size: 20px;\" data-fusion-font=\"true\"><b style=\"font-size: 24px; line-height: 19px; letter-spacing: 1px;\" data-fusion-font=\"true\">Los propietarios de viviendas tur\u00edsticas buscan la \u201csupervivencia\u201d en el alquiler de temporada<\/b><\/h1>\n<p><i>Autor:<span style=\"color: var(--h1_typography-color); font-family: var(--h1_typography-font-family); letter-spacing: var(--h1_typography-letter-spacing); background-color: rgba(255, 255, 255, 0);\">@Carlos Lospitao &#8211; <\/span><span style=\"font-size: 16px; color: var(--h1_typography-color); font-family: var(--h1_typography-font-family); letter-spacing: var(--h1_typography-letter-spacing); background-color: rgba(255, 255, 255, 0);\">04 mayo 2020<\/span><\/i><\/p>\n<p style=\"line-height: 30px;\"><span style=\"font-size: 15px;\" data-fusion-font=\"true\">La Federaci\u00f3n Espa\u00f1ola de Asociaciones de Viviendas y Apartamentos Tur\u00edsticos (Fevitur) estima que este negocio perder\u00e1 2.900 millones hasta finales de 2020 por la crisis sanitaria y econ\u00f3mica provocada por el covid-19. Algunos propietarios de estas viviendas han aterrizado en el alquiler temporal a modo de \u201csupervivencia\u201d para cubrir los costes de las hipotecas y de los gastos derivados del piso. Ofrecen contratos de seis meses a un a\u00f1o totalmente legales, en muy buenas localizaciones y con precios muy competitivos para seducir a trabajadores extranjeros desplazados a Espa\u00f1a o a estudiantes &#8211; el perfil de este tipo de clientes-. Un cambio de modelo, de objetivos y de plataformas donde anunciarse para sobrevivir al par\u00f3n tur\u00edstico.<\/span><\/p>\n<p style=\"font-size: 15px;\" data-fusion-font=\"true\">Para Espa\u00f1a, el turismo es un sector fundamental. Seg\u00fan los datos del INE, en 2019 visitaron Espa\u00f1a 83,7 millones de turistas extranjeros que dejaron un gasto de 92.278 millones de euros. Esta cifra supone un 12,5% del PIB nacional, un porcentaje que pone de manifiesto la importancia de este negocio. Es el gran motor de la econom\u00eda espa\u00f1ola, pero la crisis derivada del coronavirus ha terminado por gripar su salud. Dentro de este segmento concurren varios negocios: el transporte a\u00e9reo, la hosteler\u00eda, la restauraci\u00f3n o los alojamientos tur\u00edsticos.<\/p>\n<p style=\"font-size: 15px;\" data-fusion-font=\"true\">La paralizaci\u00f3n del pa\u00eds ha golpeado fuerte los cimientos de muchas empresas relacionadas con estos negocios, aunque no a todas ellas les ha afectado por igual. Por ejemplo, con respecto a los alojamientos, los expertos han se\u00f1alado que las grandes cadenas hoteleras podr\u00e1n soportar una hibernaci\u00f3n total de su actividad durante 2020 porque han entrado en la recesi\u00f3n con un bajo nivel de endeudamiento y con una gran tesorer\u00eda. Por contra, los operadores medianos y peque\u00f1os correr\u00e1n peor suerte al no tener el m\u00fasculo financiero para soportar reaperturas con niveles de ocupaci\u00f3n no superiores al 20%, que es lo que vaticinan los expertos del sector.<\/p>\n<p style=\"font-size: 15px;\" data-fusion-font=\"true\">Pero \u00bfqu\u00e9 ocurre con las viviendas de uso tur\u00edstico? En este negocio se abren varios escenarios: pesimismo en el futuro m\u00e1s cercano, pero un gran optimismo a largo plazo. Para los propietarios (particulares y empresas) de pisos tur\u00edsticos este 2020 es un a\u00f1o casi perdido. De hecho, Fevitur fija nuevos objetivos de cara al pr\u00f3ximo curso. La asociaci\u00f3n espera que a finales de junio -fecha prevista por el Gobierno para entrar en lo que han denominado \u201cnueva normalidad\u201d- el sector pueda volver a operar con una entrada de reservas para el \u00faltimo trimestre del a\u00f1o, y que esto suponga un principio de recuperaci\u00f3n de cara a 2021.<\/p>\n<p style=\"font-size: 15px;\" data-fusion-font=\"true\">En el sector asumen que el turismo internacional no se reactivar\u00e1 durante 2020 y por este motivo se centran en atraer los movimientos de turistas nacionales para intentar salvar la temporada de verano. Una opci\u00f3n que otros propietarios han decidido cambiar por el alquiler temporal. Se trata sobre todo de viviendas de uso tur\u00edstico, en zonas urbanas de grandes capitales de provincia, que buscan alivio en esta modalidad de arrendamiento hasta que el turismo vuelva a reactivarse.<\/p>\n<p style=\"font-size: 15px;\" data-fusion-font=\"true\">Esta medida ha significado que algunos propietarios de este tipo de activos hayan cambiado no s\u00f3lo su modelo de contrato de alquiler, sino tambi\u00e9n el perfil del cliente, los lugares donde se anuncian o el precio de sus viviendas. La gran mayor\u00eda de expertos y de empresas dedicadas a este negocio reconocen a idealista\/news que se trata de una acci\u00f3n de \u201csupervivencia\u201d en un mercado repleto de incertidumbres.<\/p>\n<p style=\"font-size: 15px;\" data-fusion-font=\"true\">\u201cUn elevado n\u00famero de propietarios que antes del covid-19 destinaban sus viviendas 100% al alquiler tur\u00edstico (por d\u00edas), han reaccionado previendo la par\u00e1lisis del sector tur\u00edstico durante varios meses y reorientando sus viviendas al alquiler temporal por meses, no al alquiler de largas temporadas o al uso conforme la LAU Vigente (5 o 7 a\u00f1os dependiendo del tenedor), como forma de minimizar la ausencia de ingresos en el alquiler tur\u00edstico\u201d, afirma Samuel Poblaci\u00f3n director nacional del \u00e1rea residencial y suelo de CBRE.<\/p>\n<p style=\"font-size: 15px;\" data-fusion-font=\"true\"><b>Qu\u00e9 norma regula el alquiler de temporada<\/b><\/p>\n<p style=\"font-size: 15px;\" data-fusion-font=\"true\">Este contrato de arrendamiento aparece regulado en la Ley de Arrendamientos Urbanos 29\/1994, en su art. 3.2, pero aqu\u00ed su calificaci\u00f3n es de \u201cuso distinto al de vivienda\u201d, cuya regulaci\u00f3n contempla el T\u00edtulo III. La gran ventaja respecto al de vivienda es que se rige por la voluntad de las partes, de ah\u00ed que la duraci\u00f3n es la que se establezca en el contrato, sin que exista un plazo m\u00ednimo.<\/p>\n<p style=\"font-size: 15px;\" data-fusion-font=\"true\">Es el caso del arrendamiento de una vivienda por temporada escolar, verano o traslado laboral, en el que no se ofrecen servicios complementarios de hosteler\u00eda como recepci\u00f3n, limpieza. etc., ni se encuentra canalizado en plataformas tur\u00edsticas de alquiler. Precisamente, si se dieran estos requisitos, estar\u00edamos ante un apartamento tur\u00edstico.<\/p>\n<p style=\"font-size: 15px;\" data-fusion-font=\"true\">Por poner un ejemplo, la vivienda alquilada en verano en la playa por una semana, quincena, un mes o tres meses, que no cuenta con otros servicios complementarios de limpieza, cambio de s\u00e1banas o centralita telef\u00f3nica, ni es promocionada en canales de oferta tur\u00edstica, ser\u00e1 un arrendamiento de temporada sometido a la LAU 29\/1994.<\/p>\n<p style=\"font-size: 15px;\" data-fusion-font=\"true\"><b>\u00bfCu\u00e1l es el perfil de cliente interesado?<\/b><\/p>\n<p style=\"font-size: 15px;\" data-fusion-font=\"true\">Una vez tomada la decisi\u00f3n de apostar por el alquiler temporal, los propietarios se hacen una pregunta: \u201c\u00bfQu\u00e9 tipo de cliente puedo captar?\u201d. Los expertos del sector inmobiliario tienen claro cu\u00e1l es el perfil de usuario que podr\u00eda estar interesado en un arrendamiento de entre seis meses y un a\u00f1o. En este escenario aparecen los trabajadores desplazados en otra ciudad que no es la de su residencia habitual, los estudiantes que busquen viviendas para el pr\u00f3ximo curso o las personas interesadas en un arrendamiento de transici\u00f3n para despu\u00e9s optar por un alquiler de larga duraci\u00f3n o incluso por la compra.<\/p>\n<p style=\"font-size: 15px;\" data-fusion-font=\"true\">\u201cEs una soluci\u00f3n que tiene su demanda entre el alquiler corporativo y entre demandantes de vivienda que tiene visibilidad sobre la temporada que han de estar en una ciudad por motivos laborales, acad\u00e9micos etc&#8230; Todo lo que sea flexibilizar el acceso al mercado de alquiler para propietarios e inquilinos redundar\u00e1 favorablemente en la oferta y la demanda\u201d, asevera Poblaci\u00f3n.<\/p>\n<p style=\"font-size: 15px;\" data-fusion-font=\"true\"><b>Los propietarios tambi\u00e9n hablan de &#8220;supervivencia&#8221;<\/b><\/p>\n<p style=\"font-size: 15px;\" data-fusion-font=\"true\">En este panorama repleto de incertidumbres aparecen los propietarios, las empresas con pisos tur\u00edsticos y las compa\u00f1\u00edas que s\u00f3lo se encargan de gestionarlos. Todos estos \u2018players\u2019 del mercado se alinean con el argumento de los expertos: \u201cEs una cuesti\u00f3n de supervivencia\u201d. Isabel Creus es propietaria de una empresa familiar que gestiona 20 pisos tur\u00edsticos situados en un mismo edificio localizado en Tarragona (Catalu\u00f1a) y cuenta a idealista\/news c\u00f3mo afronta la nueva realidad del mercado. \u201cHemos decidido dedicar un porcentaje de nuestros activos al alquiler temporal para capear la crisis a corto plazo. Lo cierto es que hemos recibido un n\u00famero significativo de contactos que se han interesado por estos arrendamientos\u201d, explica. Por este motivo, Creus no descarta aumentar el n\u00famero de viviendas destinadas a este tipo de arrendamiento si la oferta es capaz de absorber la demanda existente.<\/p>\n<p style=\"font-size: 15px;\" data-fusion-font=\"true\">Con respecto al tipo de cliente que han preguntado por estos pisos, la empresaria explica que se trata \u201cen su gran mayor\u00eda\u201d de trabajadores que han venido a la ciudad por espacio de un a\u00f1o\/a\u00f1o y medio, extranjeros y sin arraigos en la ciudad. \u201cAhora hay empresas que est\u00e1n pagando 1.200 euros por los alquileres de los pisos de sus trabajadores. Sin embargo, con esta nueva oferta de pisos tur\u00edsticos pueden disfrutar de activos totalmente amueblados, con las mejores calidades y bien localizados por entre 700 y 800 euros al mes. S\u00ed que existe demanda\u201d, explica Creus.<\/p>\n<p style=\"font-size: 15px;\" data-fusion-font=\"true\">Estos precios competitivos sirven a los propietarios de los pisos tur\u00edsticos para pagar el coste de las hipotecas que recaen sobre muchos de los inmuebles. \u201cHay que intentar sacar un m\u00ednimo de ingresos\u201d, matiza en este sentido. Aunque no son los \u00fanicos con los que podr\u00eda llegar a contar. Esta empresaria ha agudizado el ingenio y al precio competitivo de sus inmuebles ha a\u00f1adido una serie de servicios complementarios para intentar sacar el m\u00e1ximo beneficio posible. \u201cEl arrendamiento cubre los costes de hipotecas, de personal, del mantenimiento del ascensor\u2026 pero tambi\u00e9n he decidido ofrecer por otro lado servicios de limpieza, parking\u2026. Que pueden completar la facturaci\u00f3n\u201d, afirma.<\/p>\n<blockquote style=\"font-size: 15px;\">\n<p><span style=\"color: #4a4b63;\"><b style=\"color: #656a70;\">Agus Villafa\u00f1e, director y cofundador de Myrentalhost -empresa que gestiona 50 pisos tur\u00edsticos-, ha optado por ofrecer a sus clientes la opci\u00f3n de explorar el mercado de alquiler temporal para apaliar los efectos de la crisis a corto plazo. \u201cLo primero que hicimos fue informar a nuestros clientes (propietarios) de las opciones. La propuesta tuvo una gran aceptaci\u00f3n y cerca del 70% de ellos nos ha dado el \u2018ok\u2019 para colocar sus inmuebles en plataformas que nos permitan alquilar entre seis meses y un a\u00f1o\u201d, afirma Villafa\u00f1e.<\/b><\/span><\/p>\n<\/blockquote>\n<p style=\"font-size: 15px;\" data-fusion-font=\"true\">Esta migraci\u00f3n ha conllevado un cambio de uso de plataformas y marketplaces que hasta ahora este tipo de compa\u00f1\u00edas no hab\u00edan utilizado. Adem\u00e1s, el director de MyRentalHost explica que han tratado de informarse lo m\u00e1s r\u00e1pido posible de estos contratos temporales, porque ellos estaban acostumbrados a trabajar con arrendamientos por d\u00edas o por semanas en su segmento tur\u00edstico.<\/p>\n<p style=\"font-size: 15px;\" data-fusion-font=\"true\">En este sentido, Villafa\u00f1e coincide con Creus en el perfil de cliente que se ha interesado en este tipo de activos: empresarios desplazados, futuros estudiantes, personas que buscan un alquiler de transici\u00f3n&#8230; \u201cLos clientes van a poder disfrutar de viviendas que antes pod\u00edan costar 250 euros la noche por 90 euros y es el gran atractivo del que disponemos en estos momentos\u201d, finaliza.<\/p>\n<p style=\"font-size: 15px;\" data-fusion-font=\"true\"><b>Un futuro esperanzador<\/b><\/p>\n<p style=\"font-size: 15px;\" data-fusion-font=\"true\">De todos modos, optimistas y pesimistas coinciden en que se trata de una situaci\u00f3n temporal -como el propio nombre del arrendamiento indica-, de supervivencia y que el futuro de sus negocios a largo plazo volver\u00e1 al uso tur\u00edstico, al que los expertos le auguran un gran futuro.<\/p>\n<p style=\"font-size: 15px;\" data-fusion-font=\"true\">\u201cEn nuestra opini\u00f3n la pandemia del covid-19 no va a terminar con el alquiler tur\u00edstico y es posible que no se produzcan grandes cambios. Para esto nos basamos en tres premisas. Primero, el alquiler tur\u00edstico es una tendencia social que no desaparecer\u00e1. Segundo, est\u00e1 por ver c\u00f3mo afectar\u00e1n los efectos de la pandemia en la sociedad y sus costumbres y h\u00e1bitos en cuanto a ocio y vacaciones. Y tercero, es posible que la pandemia potencie un turismo m\u00e1s selectivo, menos socialmente compulsivo y donde las personas toman decisiones con car\u00e1cter independiente\u201d, afirma Mart\u00edn Guirado.<\/p>\n<p style=\"font-size: 15px;\" data-fusion-font=\"true\">\u201cEn cuanto a inversores profesionales y grandes tenedores de producto residencial para alquiler tur\u00edstico, esta situaci\u00f3n puede generar dudas, pero los planes de negocio continuar\u00e1n y ajustar\u00e1n los precios en funci\u00f3n de la oferta y la demanda\u201d, prosigue el director corporativo de Negocio de Gesvalt.<\/p>\n<p style=\"font-size: 15px;\" data-fusion-font=\"true\">Por su parte, el presidente de Fevitur muestra su confianza en el sector y busca la diferenciaci\u00f3n con el sector hotelero. \u201cCuando se recupere la actividad, el turista buscar\u00e1 lugares seguros y salubres. En este sentido, una vivienda siempre otorga mayor seguridad al cliente que la habitaci\u00f3n de un hotel donde existe m\u00e1s tr\u00e1nsito y flujo de personas. Por este motivo, ya estamos promoviendo un sello de calidad y certificaci\u00f3n covid-19 para que los pisos tur\u00edsticos puedan demostrar a sus clientes su compromiso contra la lucha de esta pandemia\u201d, finaliza Gomila<\/p>\n<p style=\"font-size: 15px;\" data-fusion-font=\"true\"><a href=\"https:\/\/www.idealista.com\/news\/inmobiliario\/vivienda\/2020\/05\/04\/782351-los-propietarios-de-viviendas-turisticas-buscan-la-supervivencia-en-el-alquiler\" target=\"_blank\" rel=\"noopener noreferrer\">Articulo original <\/a><\/p>\n<\/div><div class=\"fusion-text fusion-text-4\"><div id=\"attachment_4359\" style=\"width: 2078px\" class=\"wp-caption alignnone\"><img decoding=\"async\" aria-describedby=\"caption-attachment-4359\" class=\"size-full wp-image-4359\" src=\"https:\/\/myrentalhost.com\/wp-content\/uploads\/2021\/01\/Screenshot-2021-01-12-at-23.48.04.png\" alt=\"El Pais MyRentalHost Prensa\" width=\"2068\" height=\"1352\" srcset=\"https:\/\/myrentalhost.com\/wp-content\/uploads\/2021\/01\/Screenshot-2021-01-12-at-23.48.04-200x131.png 200w, https:\/\/myrentalhost.com\/wp-content\/uploads\/2021\/01\/Screenshot-2021-01-12-at-23.48.04-300x196.png 300w, https:\/\/myrentalhost.com\/wp-content\/uploads\/2021\/01\/Screenshot-2021-01-12-at-23.48.04-400x262.png 400w, https:\/\/myrentalhost.com\/wp-content\/uploads\/2021\/01\/Screenshot-2021-01-12-at-23.48.04-600x392.png 600w, https:\/\/myrentalhost.com\/wp-content\/uploads\/2021\/01\/Screenshot-2021-01-12-at-23.48.04-768x502.png 768w, https:\/\/myrentalhost.com\/wp-content\/uploads\/2021\/01\/Screenshot-2021-01-12-at-23.48.04-800x523.png 800w, https:\/\/myrentalhost.com\/wp-content\/uploads\/2021\/01\/Screenshot-2021-01-12-at-23.48.04-1024x669.png 1024w, https:\/\/myrentalhost.com\/wp-content\/uploads\/2021\/01\/Screenshot-2021-01-12-at-23.48.04-1200x785.png 1200w, https:\/\/myrentalhost.com\/wp-content\/uploads\/2021\/01\/Screenshot-2021-01-12-at-23.48.04-1536x1004.png 1536w, https:\/\/myrentalhost.com\/wp-content\/uploads\/2021\/01\/Screenshot-2021-01-12-at-23.48.04.png 2068w\" sizes=\"(max-width: 2068px) 100vw, 2068px\" \/><p id=\"caption-attachment-4359\" class=\"wp-caption-text\">El Pais MyRentalHost Prensa<\/p><\/div>\n<h1 class=\"field-name-title\" style=\"line-height: 30px; font-size: 20px;\" data-fusion-font=\"true\"><b style=\"font-size: 24px; line-height: 19px; letter-spacing: 1px;\" data-fusion-font=\"true\">Negocios que viven al amparo de Airbnb<\/b><\/h1>\n<p>Madrid 2 AGO 2017 &#8211; El Pais<\/p>\n<p>El alquiler de apartamentos tur\u00edsticos mediante plataformas como Airbnb y Homeaway ha generado al menos una docena de nuevas empresas que, a cambio de una retribuci\u00f3n, se encargan de recibir a los viajeros, de limpiar la vivienda y promocionar el piso en Internet. Estas compa\u00f1\u00edas, que operan principalmente en Barcelona, Madrid y Sevilla, buscan obtener una parte de los 650 millones de euros en ingresos que gener\u00f3 Airbnb en Espa\u00f1a durante 2016, seg\u00fan las cifras difundidas por la propia plataforma.<\/p>\n<blockquote>\n<p>Aunque en Madrid los pisos tur\u00edsticos van en aumento con m\u00e1s de 13.000 ofertas, Barcelona supera a la capital con alrededor de 17.000 proposiciones de alojamiento, seg\u00fan el sitio web Inside Airbnb, que analiza la plataforma de alquiler. Este nivel de inventario tambi\u00e9n ha despertado el inter\u00e9s de intermediarios en esta zona, ha asegurado Agust\u00edn Villafa\u00f1e, director de MyRentalHost, una compa\u00f1\u00eda que administra 40 pisos para viajeros en esta ciudad, con un promedio de 200 reservas mensuales y un repunte de la demanda de hasta un 40% durante el verano.<br \/>\nAntonio M., de 48 a\u00f1os, es uno de los propietarios que cedi\u00f3 la gesti\u00f3n de su apartamento a MyRentalHost. En un inicio, \u00e9l administraba su residencia, pero su trabajo como funcionario le imped\u00eda encargarse del piso. \u201cEl tema de la limpieza y los contactos con los inquilinos eran cosas que me quitaban tiempo\u201d, indica. Por estos motivos, prefiri\u00f3 entregar un 18% de sus ingresos a esta empresa. \u201cMi tiempo es m\u00e1s valioso que ese tanto por ciento y con MyRentalHost me saque un problema de encima y lo mejor me quedo tranquilo que todo esta bajo control\u201d, concluye<\/p>\n<\/blockquote>\n<p>En lugar de los propietarios, los empleados de estas gestoras se encargan de mostrar la vivienda, compartir la clave de Internet y de entregar las llaves a los turistas. Sugerir restaurantes y bares, comprar ramos de flores o botellas de cava son parte de las tareas de estos anfitriones sustitutos.<\/p>\n<p>Las expectativas de negocio de estas gestoras avanzan al mismo ritmo que crecen los hu\u00e9spedes en pisos tur\u00edsticos. En 2016 un total de 5,4 millones de viajeros utilizaron Airbnb para encontrar alojamiento en su visita a Espa\u00f1a, un crecimiento de un 82% respecto al a\u00f1o previo, seg\u00fan las cifras de la plataforma. Con estos n\u00fameros bajo el brazo, la mayor\u00eda de las compa\u00f1\u00edas de gesti\u00f3n anticipa un ascenso de clientes e ingresos al concluir este a\u00f1o.<\/p>\n<p style=\"font-size: 15px;\" data-fusion-font=\"true\"><a href=\"https:\/\/elpais.com\/elpais\/2017\/07\/18\/masterdeperiodismo\/1500385922_058308.html\" target=\"_blank\" rel=\"noopener noreferrer\">Articulo original <\/a><\/p>\n<\/div><\/div><\/div><div class=\"fusion-layout-column fusion_builder_column fusion-builder-column-8 fusion_builder_column_1_2 1_2 fusion-flex-column\" style=\"--awb-bg-size:cover;--awb-width-large:50%;--awb-margin-top-large:25px;--awb-spacing-right-large:3.84%;--awb-margin-bottom-large:25px;--awb-spacing-left-large:10.176%;--awb-width-medium:100%;--awb-order-medium:0;--awb-spacing-right-medium:1.92%;--awb-spacing-left-medium:1.92%;--awb-width-small:100%;--awb-order-small:0;--awb-spacing-right-small:1.92%;--awb-spacing-left-small:1.92%;\"><div class=\"fusion-column-wrapper fusion-column-has-shadow fusion-flex-justify-content-flex-start fusion-content-layout-column\"><div class=\"fusion-text fusion-text-5\"><div id=\"attachment_4347\" style=\"width: 1990px\" class=\"wp-caption alignnone\"><img decoding=\"async\" aria-describedby=\"caption-attachment-4347\" class=\"size-full wp-image-4347\" src=\"https:\/\/myrentalhost.com\/wp-content\/uploads\/2021\/01\/Screenshot-2021-01-12-at-23.41.33.png\" alt=\"El pais MyRentalHost Prensa\" width=\"1980\" height=\"1248\" srcset=\"https:\/\/myrentalhost.com\/wp-content\/uploads\/2021\/01\/Screenshot-2021-01-12-at-23.41.33-200x126.png 200w, https:\/\/myrentalhost.com\/wp-content\/uploads\/2021\/01\/Screenshot-2021-01-12-at-23.41.33-300x189.png 300w, https:\/\/myrentalhost.com\/wp-content\/uploads\/2021\/01\/Screenshot-2021-01-12-at-23.41.33-320x202.png 320w, https:\/\/myrentalhost.com\/wp-content\/uploads\/2021\/01\/Screenshot-2021-01-12-at-23.41.33-400x252.png 400w, https:\/\/myrentalhost.com\/wp-content\/uploads\/2021\/01\/Screenshot-2021-01-12-at-23.41.33-600x378.png 600w, https:\/\/myrentalhost.com\/wp-content\/uploads\/2021\/01\/Screenshot-2021-01-12-at-23.41.33-700x441.png 700w, https:\/\/myrentalhost.com\/wp-content\/uploads\/2021\/01\/Screenshot-2021-01-12-at-23.41.33-768x484.png 768w, https:\/\/myrentalhost.com\/wp-content\/uploads\/2021\/01\/Screenshot-2021-01-12-at-23.41.33-800x504.png 800w, https:\/\/myrentalhost.com\/wp-content\/uploads\/2021\/01\/Screenshot-2021-01-12-at-23.41.33-1024x645.png 1024w, https:\/\/myrentalhost.com\/wp-content\/uploads\/2021\/01\/Screenshot-2021-01-12-at-23.41.33-1200x756.png 1200w, https:\/\/myrentalhost.com\/wp-content\/uploads\/2021\/01\/Screenshot-2021-01-12-at-23.41.33-1536x968.png 1536w, https:\/\/myrentalhost.com\/wp-content\/uploads\/2021\/01\/Screenshot-2021-01-12-at-23.41.33.png 1980w\" sizes=\"(max-width: 1980px) 100vw, 1980px\" \/><p id=\"caption-attachment-4347\" class=\"wp-caption-text\">El pais MyRentalHost Prensa<\/p><\/div>\n<h1 class=\"field-name-title\" style=\"line-height: 30px; font-size: 20px;\" data-fusion-font=\"true\"><b style=\"font-size: 25px; line-height: 19px; letter-spacing: 1px;\" data-fusion-font=\"true\">Pisos tur\u00edsticos que se travisten para sobrevivir<\/b><\/h1>\n<p><i>Autor: <\/i>SANDRA L\u00d3PEZ LET\u00d3N<i><span style=\"color: var(--h1_typography-color); font-family: var(--h1_typography-font-family); letter-spacing: var(--h1_typography-letter-spacing); background-color: rgba(255, 255, 255, 0);\"> &#8211; <\/span><\/i><span style=\"background-color: rgba(255, 255, 255, 0); color: var(--body_typography-color); font-family: var(--body_typography-font-family); font-size: var(--body_typography-font-size); font-style: var(--body_typography-font-style,normal); font-weight: var(--body_typography-font-weight); letter-spacing: var(--body_typography-letter-spacing);\">Madrid &#8211; 10 MAY 2020<\/span><\/p>\n<p>El aluvi\u00f3n de reservas canceladas pocos d\u00edas antes del comienzo del estado de alarma hac\u00eda presagiar lo peor. Y lo peor lleg\u00f3 para m\u00e1s de 220.000 propietarios de viviendas tur\u00edsticas \u2014el 95% particulares\u2014, que contabilizan ya unas p\u00e9rdidas de 448 millones de euros por la crisis del coronavirus. El agujero alcanzar\u00e1 los 2.900 millones a finales de 2020, seg\u00fan los c\u00e1lculos de la Federaci\u00f3n Espa\u00f1ola de Asociaciones de Viviendas y Apartamentos Tur\u00edsticos (Fevitur), que avisa de que esta cifra se quedar\u00e1 corta en los pr\u00f3ximos meses. La peor parte ser\u00e1 para Catalu\u00f1a \u2014donde la facturaci\u00f3n anual caer\u00e1 un 85%, apuntan en la Federaci\u00f3n Catalana de Apartamentos Tur\u00edsticos\u2014, seguida de Andaluc\u00eda y Comunidad Valenciana.<\/p>\n<p>Una cruz con la que muchos propietarios y empresas no han podido o querido cargar. Su estrategia ha sido la de reconvertir sus viviendas tur\u00edsticas en alquileres de temporada, por meses. Son menos rentables que los vacacionales pero peor es tenerlos vac\u00edos. \u201cHabr\u00e1 traspaso a este mercado, estamos viendo mucho alquiler de este tipo para alojar a profesionales o temporeros\u201d, dice Tolo Gomila, presidente de Fevitur. Esta es su c\u00e1mara de aire urgente e improvisada hasta que pase lo peor. \u201cEn Barcelona han entrado en este tipo de arrendamientos para poder subsistir hasta principios de 2021, ya que el 90% del turismo de la ciudad es internacional y este no se va a recuperar hasta el a\u00f1o que viene\u201d, explica Enrique Alc\u00e1ntara, presidente de la Asociaci\u00f3n de Apartamentos Tur\u00edsticos de Barcelona (Apartur). En la Ciudad Condal, con 9.600 viviendas tur\u00edsticas que dan empleo directo a 5.000 personas, el sector pierde 30 millones de euros cada mes.<\/p>\n<p>Esta modalidad de temporada les permite esquivar el alquiler tradicional, con contratos de cinco a\u00f1os (siete si es persona jur\u00eddica) y menores rentabilidades. Pero la pr\u00e1ctica ha indignado a los sindicatos de inquilinos, que denuncian que en plena pandemia estos arrendadores \u201cpretenden hacer alquileres de temporada totalmente fraudulentos\u201d, critica Jaime Palomera, del Sindicato de Inquilinos de Barcelona.<\/p>\n<p>Estos contratos est\u00e1n contemplados en la Ley de Arrendamientos Urbanos (LAU) y son legales, siempre y cuando no se usen como la vivienda permanente del inquilino y se justifique su temporalidad. El caso m\u00e1s habitual es el de la casa que se alquila para vacaciones, por obras en la vivienda habitual, as\u00ed como por el desplazamiento temporal a otra ciudad por trabajo o estudios. \u201cNo hay ning\u00fan plazo. Rige la libre voluntad de las partes, lo que acuerden\u201d, explica Luis Miguel Fern\u00e1ndez, socio director de Aestimatio Abogados.<\/p>\n<p>El 11 de mayo comienza la desescalada para las viviendas tur\u00edsticas en algunas provincias espa\u00f1olas (las que entran en la fase 1). Ese d\u00eda pueden abrir sus puertas de nuevo, aunque sin movilidad entre provincias \u2014prevista para finales de junio\u2014 y sin tr\u00e1fico a\u00e9reo, \u201cel negocio ahora mismo es inviable\u201d, opina Gomila. \u201cEsperamos un arranque de la actividad de manera escalonada que permita empezar a operar en el mes de junio\u201d, a\u00f1ade.<\/p>\n<p>El sector, cuyo impacto en la econom\u00eda espa\u00f1ola es de 8.500 millones de euros \u2014el 67% en gasto tur\u00edstico y el resto en alojamientos\u2014, est\u00e1 tocado pero no hundido. Ni mucho menos dan por perdido el a\u00f1o completo. De hecho, si hay un sector bien posicionado para salvar el verano parece ser este. La vivienda tur\u00edstica tiene todos esos ingredientes que el cliente nacional va a buscar y reclamar estas vacaciones (sin zonas comunes, sin comedores atestados de gente y con posibilidad de aislarse de otros turistas). \u201cVa a ser la elegida frente al hotel, es la que menos pierde cuando hablamos de viajes de ocio\u201d, cree Alc\u00e1ntara. La plataforma Airbnb considera que los viajes ser\u00e1n principalmente locales. \u201cEn todos los pa\u00edses, el porcentaje de reservas en destinos dentro de un radio de 300 kil\u00f3metros ha crecido\u201d, apuntan.<\/p>\n<p>Las mayores oportunidades estar\u00e1n en los destinos de interior, los menos masificados. \u201cSer\u00e1 una palanca para las casas unifamiliares de pueblos y las fincas r\u00fasticas en el campo\u201d, dicen en Fevitur. \u201cSer\u00e1n el modelo de alojamiento m\u00e1s seguro para viajar porque todas las gestiones se hacen sin personal de recepci\u00f3n ni espacios de contacto\u201d, a\u00f1ade David Riba, presidente de Federatur. De hecho, en Galicia las reservas para los meses de verano se han mantenido y en los \u00faltimos d\u00edas se han cerrado algunas nuevas, se\u00f1ala Dulcinea Agu\u00edn, presidenta de la Asociaci\u00f3n de Viviendas Tur\u00edsticas de Galicia (Aviturga), con 8.500 plazas, m\u00e1s del 90% de particulares. \u201cLa mayor parte de las peticiones son de gente de Madrid, Pa\u00eds Vasco, Asturias, Cantabria y Castilla y Le\u00f3n\u201d, se\u00f1ala.<\/p>\n<p>Tambi\u00e9n estar\u00e1n en el radar las viviendas tur\u00edsticas de la costa peninsular. Los propietarios de la Comunidad Valenciana, donde hay 399.659 plazas de uso tur\u00edstico, viven esperanzados el despegue y conf\u00edan en el demandante nacional para curar parte de su herida. La Asociaci\u00f3n de Viviendas de Alquiler para Estancias Cortas de la regi\u00f3n calcula que propietarios y gestores han dejado de percibir 18 millones de euros. Y otros dos millones los proveedores (limpieza de los pisos o lavander\u00edas).<\/p>\n<blockquote>\n<p><b>\u201cEsta semana y la anterior ya hay movimiento de gente interesada. Creo que no va a ser la mejor temporada, pero no ser\u00e1 tan mala\u201d, conf\u00eda Agus Villafa\u00f1e, fundador de MyRentalHost, que gestiona apartamentos en Barcelona y en las comarcas del Maresme y Garraf. La compa\u00f1\u00eda, donde al comienzo del estado de alarma se cancelaron 100 reservas, prev\u00e9 una recuperaci\u00f3n progresiva de sus contrataciones.<\/b><\/p>\n<\/blockquote>\n<p>En cambio, las peor paradas ser\u00e1n Canarias y Baleares por la desaparici\u00f3n del cliente internacional, as\u00ed como los destinos urbanos por el frenazo del turismo de congresos y negocios. En la ciudad de Madrid siguen recibiendo cancelaciones. \u201cLa recuperaci\u00f3n de la capital en verano es complicada, nos iremos m\u00e1s bien a septiembre. Adem\u00e1s, est\u00e1n creciendo las visitas de extranjeros a webs espa\u00f1olas de cara a contratar en enero de 2021\u201d, dice Adolfo Meras, presidente de Madrid Aloja.<\/p>\n<p>En cualquier caso, las estancias en las viviendas tur\u00edsticas del pa\u00eds no volver\u00e1n a ser como antes. Habr\u00e1 distanciamiento social entre clientes y empleados, mascarillas, refuerzo de la limpieza, monitorizaci\u00f3n del personal que haya podido tener contacto con alguien infectado o refuerzo de los check in no presenciales (m\u00e1s bien virtuales). Son algunas de las medidas del protocolo sanitario elaborado por el Instituto de Calidad Tur\u00edstica de Espa\u00f1a.<\/p>\n<p>Por su parte, Airbnb lanza este mes de mayo un nuevo protocolo de limpieza, con procedimientos mejorados sobre c\u00f3mo limpiar cada habitaci\u00f3n. Los hu\u00e9spedes podr\u00e1n identificar y reservar los espacios que formen parte de esta iniciativa. Si los anfitriones no pueden realizarlo podr\u00e1n optar por lo que llaman booking buffer: un periodo vacante entre estancias para la limpieza. Las reservas se bloquear\u00e1n de manera autom\u00e1tica durante 72 horas.<\/p>\n<p style=\"font-size: 15px;\" data-fusion-font=\"true\"><a href=\"https:\/\/elpais.com\/economia\/2020-05-09\/pisos-turisticos-que-se-travisten-para-sobrevivir.html\" target=\"_blank\" rel=\"noopener noreferrer\"><b>Articulo original <\/b><\/a><\/p>\n<\/div><div class=\"fusion-text fusion-text-6\"><div id=\"attachment_4353\" style=\"width: 2024px\" class=\"wp-caption alignnone\"><img decoding=\"async\" aria-describedby=\"caption-attachment-4353\" class=\"size-full wp-image-4353\" src=\"https:\/\/myrentalhost.com\/wp-content\/uploads\/2021\/01\/Screenshot-2021-01-12-at-23.44.37.png\" alt=\"El Confindencial MyRentalHost Prensa\" width=\"2014\" height=\"1356\" srcset=\"https:\/\/myrentalhost.com\/wp-content\/uploads\/2021\/01\/Screenshot-2021-01-12-at-23.44.37-200x135.png 200w, https:\/\/myrentalhost.com\/wp-content\/uploads\/2021\/01\/Screenshot-2021-01-12-at-23.44.37-300x202.png 300w, https:\/\/myrentalhost.com\/wp-content\/uploads\/2021\/01\/Screenshot-2021-01-12-at-23.44.37-400x269.png 400w, https:\/\/myrentalhost.com\/wp-content\/uploads\/2021\/01\/Screenshot-2021-01-12-at-23.44.37-600x404.png 600w, https:\/\/myrentalhost.com\/wp-content\/uploads\/2021\/01\/Screenshot-2021-01-12-at-23.44.37-768x517.png 768w, https:\/\/myrentalhost.com\/wp-content\/uploads\/2021\/01\/Screenshot-2021-01-12-at-23.44.37-800x539.png 800w, https:\/\/myrentalhost.com\/wp-content\/uploads\/2021\/01\/Screenshot-2021-01-12-at-23.44.37-1024x689.png 1024w, https:\/\/myrentalhost.com\/wp-content\/uploads\/2021\/01\/Screenshot-2021-01-12-at-23.44.37-1200x808.png 1200w, https:\/\/myrentalhost.com\/wp-content\/uploads\/2021\/01\/Screenshot-2021-01-12-at-23.44.37-1536x1034.png 1536w, https:\/\/myrentalhost.com\/wp-content\/uploads\/2021\/01\/Screenshot-2021-01-12-at-23.44.37.png 2014w\" sizes=\"(max-width: 2014px) 100vw, 2014px\" \/><p id=\"caption-attachment-4353\" class=\"wp-caption-text\">El Confindencial MyRentalHost Prensa<\/p><\/div>\n<h1 class=\"field-name-title\" style=\"line-height: 30px; font-size: 20px;\" data-fusion-font=\"true\"><b style=\"font-size: 25px; line-height: 19px; letter-spacing: 1px;\" data-fusion-font=\"true\">El millonario ecosistema de &#8216;startups&#8217; que vive de Airbnb<\/b><\/h1>\n<p><i>Autor: Sergio Ferrer<span style=\"color: var(--h1_typography-color); font-family: var(--h1_typography-font-family); letter-spacing: var(--h1_typography-letter-spacing); background-color: rgba(255, 255, 255, 0);\"> &#8211; <\/span><span style=\"background-color: rgba(255, 255, 255, 0); color: var(--body_typography-color); font-family: var(--body_typography-font-family); font-size: var(--body_typography-font-size); letter-spacing: var(--body_typography-letter-spacing);\">03\/04\/2017<\/span><\/i><\/p>\n<p><span style=\"background-color: rgba(255, 255, 255, 0); color: var(--body_typography-color); font-family: var(--body_typography-font-family); font-size: var(--body_typography-font-size); font-style: var(--body_typography-font-style,normal); font-weight: var(--body_typography-font-weight); letter-spacing: var(--body_typography-letter-spacing);\">El picabueyes piquirrojo (&#8216;Buphagus erythrorhynchus&#8217;) es un ave africana f\u00e1cil de ver a lomos de grandes mam\u00edferos como rinocerontes y b\u00fafalos, a los que libra de t\u00e1banos, garrapatas y otros par\u00e1sitos, de los que se alimenta. El mundo de las &#8216;startups&#8217; tambi\u00e9n tiene sus picabueyes: por ejemplo, alrededor de gigantes como Airbnb se ha establecido un ecosistema de peque\u00f1as empresas que hacen las veces de &#8216;intermediarios del intermediario&#8217;. Y cuando el b\u00fafalo est\u00e1 valorado en 28.000 millones de euros, las potenciales migajas no son despreciables.<\/span><\/p>\n<p>El \u00faltimo ejemplo viene desde Londres (Reino Unido), donde la &#8216;startup&#8217; Airsorted acaba de conseguir financiaci\u00f3n por valor de 1,75 millones de euros, seg\u00fan informa &#8216;Techcrunch&#8217;. No son las \u00fanicas empresas que han despertado inter\u00e9s orbitando alrededor de Airbnb: la francesa Bnbsitter consigui\u00f3 2,33 millones de euros el a\u00f1o pasado; la estadounidense Pillow, 2,47 millones de euros en 2015; el mismo a\u00f1o, la tambi\u00e9n inglesa Hostmaker recib\u00eda 1,87 millones de euros.<\/p>\n<p>Pero, \u00bfa qu\u00e9 se dedican estas &#8216;startups&#8217; para levantar tanta atenci\u00f3n? En pocas palabras, se colocan entre los hu\u00e9spedes y los due\u00f1os de los pisos para facilitar la vida a ambos. Entregar llaves, llenar la nevera antes de que el turista llegue, limpiar, resolver problemas, organizar planes de viaje, optimizar los precios, mejorar el dise\u00f1o de interiores de los apartamentos y hasta dar techo a los hospedadores mientras alquilan su casa son algunas de sus funciones.<\/p>\n<blockquote>\n<p>Este ecosistema de gesti\u00f3n de propiedades ha crecido mucho, el argentino Agust\u00edn Villafa\u00f1e, que vive en la capital catalana desde 2007, fue uno de los primeros emprendedores que se encargo de gestionar los pisos de particulares \u2014en Airbnb y en alternativas como HomeAway, Booking.com. etc\u2014. Despu\u00e9s de que una amiga le pidiera hacerse cargo de su apartamento por no poder gestionarlo se le ocurri\u00f3 fundar MyRentalHost. &#8220;El due\u00f1o se desentiende de todo&#8221;, resume por tel\u00e9fono. Agus Villafa\u00f1e explica que su intenci\u00f3n es &#8220;mantener el esp\u00edritu del Airbnb antiguo&#8221; de compartir la casa y hacer que los hu\u00e9spedes no se sientan como un turista. Por eso se encargan de dar una &#8220;fuerte informaci\u00f3n local&#8221; e incluso de brindar servicios extras para que la experiencia de los huespedes sea inolvidable, que eso se tranforma en excelentes rese\u00f1as y por ende mejor rentabilidad para los propietarios. MyRentalHost, como el resto de &#8216;startups&#8217; que orbitan Airbnb, basa su modelo de negocio en cobrar una peque\u00f1a comisi\u00f3n por cada reserva.<\/p>\n<\/blockquote>\n<p>&#8216;Startups&#8217; como las de Villafa\u00f1e operan de forma independiente, pero Airbnb tambi\u00e9n incluye aplicaciones en su apartado de &#8220;ayuda al anfitri\u00f3n&#8221; orientadas a ayudar en el acceso remoto a la vivienda, la calefacci\u00f3n y la contrase\u00f1a del wifi . &#8220;Est\u00e1n desarrolladas por empresas externas que se han asociado con Airbnb&#8221;, comenta el responsable de comunicaci\u00f3n de la empresa en Espa\u00f1a, Andreu Castellano. Lockstate, un sistema de cerradura que funciona a trav\u00e9s de internet, es uno de los ejemplos usados en Barcelona. Todav\u00eda hay espacio para picabueyes en este b\u00fafalo.<\/p>\n<p><b style=\"font-size: 15px; background-color: rgba(255, 255, 255, 0); font-family: var(--body_typography-font-family); font-style: var(--body_typography-font-style,normal); font-weight: var(--body_typography-font-weight); letter-spacing: var(--body_typography-letter-spacing);\"><span style=\"font-family: var(--body_typography-font-family);\"><span style=\"background-color: rgba(255, 255, 255, 0); font-style: var(--body_typography-font-style,normal); font-weight: var(--body_typography-font-weight); letter-spacing: var(--body_typography-letter-spacing);\"><a href=\"https:\/\/www.elconfidencial.com\/tecnologia\/2017-02-09\/airbnb-startups-ecosistema-airsorted_1328528\/\" target=\"_blank\" rel=\"noopener noreferrer\">Articulo original<\/a><\/span><\/span><\/b><\/p>\n<\/div><div class=\"fusion-text fusion-text-7\"><div id=\"attachment_4365\" style=\"width: 2170px\" class=\"wp-caption alignnone\"><img decoding=\"async\" aria-describedby=\"caption-attachment-4365\" class=\"size-full wp-image-4365\" src=\"https:\/\/myrentalhost.com\/wp-content\/uploads\/2021\/01\/Screenshot-2021-01-12-at-23.15.11.png\" alt=\"Consumo Colaborativo MyRentalHost Prensa\" width=\"2160\" height=\"1312\" srcset=\"https:\/\/myrentalhost.com\/wp-content\/uploads\/2021\/01\/Screenshot-2021-01-12-at-23.15.11-200x121.png 200w, https:\/\/myrentalhost.com\/wp-content\/uploads\/2021\/01\/Screenshot-2021-01-12-at-23.15.11-300x182.png 300w, https:\/\/myrentalhost.com\/wp-content\/uploads\/2021\/01\/Screenshot-2021-01-12-at-23.15.11-400x243.png 400w, https:\/\/myrentalhost.com\/wp-content\/uploads\/2021\/01\/Screenshot-2021-01-12-at-23.15.11-600x364.png 600w, https:\/\/myrentalhost.com\/wp-content\/uploads\/2021\/01\/Screenshot-2021-01-12-at-23.15.11-768x466.png 768w, https:\/\/myrentalhost.com\/wp-content\/uploads\/2021\/01\/Screenshot-2021-01-12-at-23.15.11-800x486.png 800w, https:\/\/myrentalhost.com\/wp-content\/uploads\/2021\/01\/Screenshot-2021-01-12-at-23.15.11-1024x622.png 1024w, https:\/\/myrentalhost.com\/wp-content\/uploads\/2021\/01\/Screenshot-2021-01-12-at-23.15.11-1200x729.png 1200w, https:\/\/myrentalhost.com\/wp-content\/uploads\/2021\/01\/Screenshot-2021-01-12-at-23.15.11-1536x933.png 1536w, https:\/\/myrentalhost.com\/wp-content\/uploads\/2021\/01\/Screenshot-2021-01-12-at-23.15.11.png 2160w\" sizes=\"(max-width: 2160px) 100vw, 2160px\" \/><p id=\"caption-attachment-4365\" class=\"wp-caption-text\">Consumo Colaborativo MyRentalHost Prensa<\/p><\/div>\n<h1 class=\"field-name-title fusion-responsive-typography-calculated\" style=\"line-height: 1.5; font-size: 20px; --fontsize: 20; --minfontsize: 20;\" data-fusion-font=\"true\" data-fontsize=\"20\" data-lineheight=\"30px\"><b style=\"font-size: 25px; line-height: 19px; letter-spacing: 1px;\" data-fusion-font=\"true\">Airbnb genera un ecosistema de startups a su alrededor<\/b><\/h1>\n<p>Junio 16, 2015 | por ALBERT CA\u00d1IGUERAL | Espa\u00f1a, Turismo | Airbnb, Destacado<\/p>\n<p>Airbnb, el mayor mercado de alojamiento entre particulares del mundo, dispone de 24.000 alojamientos en Espa\u00f1a: 14.000 Barcelona, 6.000 Madrid y 4.000 en el resto. A nivel global, espera alojar cerca de 1 mill\u00f3n de personas por noche este verano. Alrededor de las necesidades de estos anfitriones y viajeros se ha creado un buen n\u00famero de startups para darles servicio y hacerles la vida m\u00e1s facil. \u00bfc\u00f3mo hacer negocio siguiendo la estela de Airbnb y similares?<\/p>\n<p><b>No es facil ser un buen anfitrion<\/b><\/p>\n<p>El concepto de alojarse en casa de otra persona no es nuevo pero con la tecnolog\u00eda, Airbnb lo ha puesto al abaste de todo el mundo, de una manera m\u00e1s segura y transparente. Valorada en m\u00e1s de $20 billones, Airbnb muestra hogares en m\u00e1s de 34.000 ciudades y 190 paises.<\/p>\n<p>En Catalu\u00f1a existen unos 49.000 pisos con licencia tur\u00edstica y 227 edificios tur\u00edsticos; en Barcelona son 9,000 las licencias de pisos. Airbnb, con 14.000 pisos, es la principal plataforma pero existen muchas m\u00e1s como Homeaway, Wimdu, FriendlyRentals, entre muchas otras.<\/p>\n<p>La idea de esto es que todos ganan; el hu\u00e9sped puede alojarse en hogares de otras personas, para explorar las ciudades como una persona local y por el lado del anfitri\u00f3n, Airbnb proporciona una forma sencilla de ganar dinero al alquilar su hogar, habitacion o una vivienda tur\u00edstica.<\/p>\n<p>Pero quiz\u00e1 no es tan sencillo como parece, o quiz\u00e1 requiere m\u00e1s trabajo del que uno se piensa!<\/p>\n<p>Muchos anfitriones empezaron alquilando su casa con gran ilusi\u00f3n para poder conocer a turistas que vienen con ganas de conocer su ciudad, poder ense\u00f1arles su vecindario (en vez de darles una gu\u00eda tur\u00edstica convencional), pero esto puede llegar a dar bastante trabajo adicional! Cuando el turista llega a las 12 de la noche desde el aeropuerto y se le tiene que esperar despierto, o cuando llega durante horas de trabajo, o uno quiere irse de vacaciones\u2026<\/p>\n<p>Ser un anfitri\u00f3n puede dar m\u00e1s trabajo de lo que parece y los turistas pueden ser exigentes, ya que al fin y al cabo estan pagando por su estancia, y tanto positivo como negativo, los comentarios que se dejan en la plataforma web reflejan estas opiniones.<\/p>\n<p>Imagina un hotel y todos los servicios que se ofrecen en \u00e9l; ahora imagina que tienes que darlos para un solo piso\u2026! No es poco\u2026 y los hu\u00e9spedes cada vez saben m\u00e1s lo que quieren. Varias start-up se han dado cuenta de estas oportunidades en el ecosistema de Airbnb y vienen con ideas innovadoras para satisfacer nuevas necesidades de anfitriones y hu\u00e9spedes.<\/p>\n<blockquote>\n<p><b>MyRentalHost: Making you the best host in your city<br \/>\n<\/b>Hace casi 3 a\u00f1os una pareja de j\u00f3venes viajeros, Victoria y Agus, se dieron cuenta del trabajo que comportaba ser anfitri\u00f3n, y as\u00ed fue como surgi\u00f3 la idea de fundar MyRentalHost que se basa en unir a un grupo de anfitriones con experiencia para gestionar de manera integral apartamentos tur\u00edsticos en Barcelona para aquellas personas que no pueden o no quieren hacerlo.<br \/>\nMyRentalHost naci\u00f3 con el objetivo de \u00abdar servicios all inclusive a los anfitriones que no pueden gestionar sus propios apartamentos, pero tratando de mantener la esencia y el concepto de compartir su casa. Por eso afirman que \u201cno somos una empresa\u201d, somos un grupo de anfitriones que ayudamos a otros a ofrecer una mejor experiencia a los hu\u00e9spedes que trae como consecuencia mejores comentarios y satisfacci\u00f3n de los mismo, adem\u00e1s de mayores beneficios y rentabilidad para los anfitriones de los apartamentos.<br \/>\nEl slogan de MyRentalHost encierra todo esto \u201cmaking you the best host in your city\u201d. La idea es dejar todo en sus manos: reservas, check in, limpieza, mantenimiento, asesor\u00eda legal, servicio para hu\u00e9spedes, y un largo etc.<br \/>\nLa clave del \u00e9xito de MyRentalHost es tratar a los apartamentos como propios y hacer las cosas con el mismo amor y pasi\u00f3n del primer d\u00eda.<\/p>\n<\/blockquote>\n<p><span style=\"color: var(--body_typography-color); font-family: var(--body_typography-font-family); font-style: var(--body_typography-font-style,normal); letter-spacing: var(--body_typography-letter-spacing); font-size: 15px; background-color: rgba(255, 255, 255, 0); font-weight: var(--body_typography-font-weight);\"><span style=\"font-family: var(--body_typography-font-family);\"><span style=\"background-color: rgba(255, 255, 255, 0); font-style: var(--body_typography-font-style,normal); font-weight: var(--body_typography-font-weight); letter-spacing: var(--body_typography-letter-spacing);\"><a href=\"https:\/\/www.consumocolaborativo.com\/2015\/06\/16\/airbnb-genera-un-ecosistema-de-startups-a-su-alrededor\/\" target=\"_blank\" rel=\"noopener noreferrer\">Articulo original<\/a><\/span><\/span><\/span><\/p>\n<\/div><\/div><\/div><\/div><\/div><div class=\"fusion-fullwidth fullwidth-box fusion-builder-row-5 fusion-flex-container nonhundred-percent-fullwidth non-hundred-percent-height-scrolling\" style=\"--awb-border-radius-top-left:0px;--awb-border-radius-top-right:0px;--awb-border-radius-bottom-right:0px;--awb-border-radius-bottom-left:0px;--awb-flex-wrap:wrap;\" ><div class=\"fusion-builder-row fusion-row fusion-flex-align-items-flex-start fusion-flex-content-wrap\" style=\"max-width:1320.8px;margin-left: calc(-4% \/ 2 );margin-right: calc(-4% \/ 2 );\"><div class=\"fusion-layout-column fusion_builder_column fusion-builder-column-9 fusion_builder_column_1_1 1_1 fusion-flex-column\" style=\"--awb-bg-size:cover;--awb-width-large:100%;--awb-margin-top-large:25px;--awb-spacing-right-large:1.92%;--awb-margin-bottom-large:25px;--awb-spacing-left-large:1.92%;--awb-width-medium:100%;--awb-order-medium:0;--awb-spacing-right-medium:1.92%;--awb-spacing-left-medium:1.92%;--awb-width-small:100%;--awb-order-small:0;--awb-spacing-right-small:1.92%;--awb-spacing-left-small:1.92%;\"><div class=\"fusion-column-wrapper fusion-column-has-shadow fusion-flex-justify-content-flex-start fusion-content-layout-column\"><a class=\"fusion-modal-text-link\" data-toggle=\"modal\" data-target=\".fusion-modal.Instagram MyRentalHost\" href=\"#\">        <div id=\"sbi_mod_error\" >\r\n            <span>This error message is only visible to WordPress admins<\/span><br \/>\r\n            <p><b>Error: No connected account.<\/b>\r\n            <p>Please go to the Instagram Feed settings page to connect an account.<\/p>\r\n        <\/div>\r\n\t\t<\/a><\/div><\/div><\/div><\/div><div class=\"fusion-fullwidth fullwidth-box fusion-builder-row-6 fusion-parallax-none nonhundred-percent-fullwidth non-hundred-percent-height-scrolling\" style=\"--awb-border-sizes-top:0px;--awb-border-sizes-bottom:0px;--awb-border-sizes-left:0px;--awb-border-sizes-right:0px;--awb-border-radius-top-left:0px;--awb-border-radius-top-right:0px;--awb-border-radius-bottom-right:0px;--awb-border-radius-bottom-left:0px;--awb-padding-top:60px;--awb-padding-bottom:60px;--awb-margin-top:0px;--awb-margin-bottom:0px;--awb-background-image:linear-gradient(180deg, rgba(0,0,0,0.7) 0%,rgba(0,0,0,0.7) 100%),url(https:\/\/myrentalhost.com\/wp-content\/uploads\/2020\/04\/bgfooter.jpg);;--awb-background-size:cover;--awb-flex-wrap:wrap;\" ><div class=\"fusion-builder-row fusion-row\"><div class=\"fusion-layout-column fusion_builder_column fusion-builder-column-10 fusion_builder_column_1_5 1_5 fusion-one-fifth fusion-column-first fusion-no-small-visibility\" style=\"--awb-bg-size:cover;width:16.8%; margin-right: 4%;\"><div class=\"fusion-column-wrapper fusion-flex-column-wrapper-legacy\"><div class=\"fusion-clearfix\"><\/div><\/div><\/div><div class=\"fusion-layout-column fusion_builder_column fusion-builder-column-11 fusion_builder_column_3_5 3_5 fusion-three-fifth fusion-animated\" style=\"--awb-padding-top:60px;--awb-padding-bottom:60px;--awb-bg-position:center center;--awb-bg-size:cover;width:58.4%; margin-right: 4%;\" data-animationType=\"fadeInDown\" data-animationDuration=\"0.6\" data-animationOffset=\"top-into-view\"><div class=\"fusion-column-wrapper fusion-column-has-shadow fusion-flex-column-wrapper-legacy\"><div class=\"fusion-text fusion-text-8\"><h3 style=\"text-align: center;\"><span style=\"color: #ffffff; font-size: 34px;\">CONTACTA CON NOSOTROS<\/span><\/h3>\n<\/div><div class=\"fusion-text fusion-text-9\"><p style=\"text-align: center;\"><span style=\"color: #ffffff;\">Si tienes cualquier duda sobre nuestros servicios o necesitas m\u00e1s informaci\u00f3n, contacta con nosotros.<\/span><\/p>\n<\/div><div class=\"fusion-sep-clear\"><\/div><div class=\"fusion-separator fusion-full-width-sep\" style=\"margin-left: auto;margin-right: auto;margin-top:8px;width:100%;\"><\/div><div class=\"fusion-sep-clear\"><\/div>\n<div class=\"wpcf7 no-js\" id=\"wpcf7-f1551-o1\" lang=\"en-US\" dir=\"ltr\" data-wpcf7-id=\"1551\">\n<div class=\"screen-reader-response\"><p role=\"status\" aria-live=\"polite\" aria-atomic=\"true\"><\/p> <ul><\/ul><\/div>\n<form action=\"\/en\/wp-json\/wp\/v2\/pages\/4293#wpcf7-f1551-o1\" method=\"post\" class=\"wpcf7-form init\" aria-label=\"Contact form\" novalidate=\"novalidate\" data-status=\"init\">\n<fieldset class=\"hidden-fields-container\"><input type=\"hidden\" name=\"_wpcf7\" value=\"1551\" \/><input type=\"hidden\" name=\"_wpcf7_version\" value=\"6.1.5\" \/><input type=\"hidden\" name=\"_wpcf7_locale\" value=\"en_US\" \/><input type=\"hidden\" name=\"_wpcf7_unit_tag\" value=\"wpcf7-f1551-o1\" \/><input type=\"hidden\" name=\"_wpcf7_container_post\" value=\"0\" \/><input type=\"hidden\" name=\"_wpcf7_posted_data_hash\" value=\"\" \/><input type=\"hidden\" name=\"_wpcf7_recaptcha_response\" value=\"\" \/>\n<\/fieldset>\n<p><label aria-label=\"Name\"><span class=\"wpcf7-form-control-wrap\" data-name=\"your-name\"><input size=\"40\" maxlength=\"400\" class=\"wpcf7-form-control wpcf7-text wpcf7-validates-as-required\" aria-required=\"true\" aria-invalid=\"false\" placeholder=\"Nombre\" value=\"\" type=\"text\" name=\"your-name\" \/><\/span><\/label>\n<\/p>\n<p><label aria-label=\"Email\"><span class=\"wpcf7-form-control-wrap\" data-name=\"your-email\"><input size=\"40\" maxlength=\"400\" class=\"wpcf7-form-control wpcf7-email wpcf7-validates-as-required wpcf7-text wpcf7-validates-as-email\" aria-required=\"true\" aria-invalid=\"false\" placeholder=\"Email\" value=\"\" type=\"email\" name=\"your-email\" \/><\/span><\/label>\n<\/p>\n<p><label aria-label=\"Email\"><span class=\"wpcf7-form-control-wrap\" data-name=\"tel-342\"><input size=\"40\" maxlength=\"400\" class=\"wpcf7-form-control wpcf7-tel wpcf7-validates-as-required wpcf7-text wpcf7-validates-as-tel\" aria-required=\"true\" aria-invalid=\"false\" placeholder=\"Tel\u00e9fono\" value=\"\" type=\"tel\" name=\"tel-342\" \/><\/span><\/label>\n<\/p>\n<p><label aria-label=\"Mensaje\"><span class=\"wpcf7-form-control-wrap\" data-name=\"your-message\"><textarea cols=\"40\" rows=\"10\" maxlength=\"2000\" class=\"wpcf7-form-control wpcf7-textarea\" aria-invalid=\"false\" placeholder=\"Mensaje\" name=\"your-message\"><\/textarea><\/span><\/label>\n<\/p>\n<p><span style=\"color: #ffffff;\"> <span class=\"wpcf7-form-control-wrap\" data-name=\"acceptance-279\"><span class=\"wpcf7-form-control wpcf7-acceptance\"><span class=\"wpcf7-list-item\"><input type=\"checkbox\" name=\"acceptance-279\" value=\"1\" aria-invalid=\"false\" \/><\/span><\/span><\/span> He le\u00eddo y acepto <a style = \"color: #ffffff;\" href = \"https:\/\/myrentalhost.com\/avisos-legales\/\"><u>el Aviso Legal<\/u><\/a> y la <a style=\"color: #ffffff;\" href=\"https:\/\/myrentalhost.com\/politica-de-privacidad\/\"> <u>Pol\u00edtica de Privacidad<\/u><\/a>. <\/ span><br \/>\n<Span style=\"color: #ffffff;\"> <span class=\"wpcf7-form-control-wrap\" data-name=\"acceptance-414\"><span class=\"wpcf7-form-control wpcf7-acceptance\"><span class=\"wpcf7-list-item\"><input type=\"checkbox\" name=\"acceptance-414\" value=\"1\" aria-invalid=\"false\" \/><\/span><\/span><\/span> Declaro, bajo mi propia responsabilidad, ser mayor de 18 a\u00f1os y respondo de manera exclusiva de la veracidad de esta declaraci\u00f3n. <\/span><br \/>\n<Span style=\"color: #ffffff;\"> <span class=\"wpcf7-form-control-wrap\" data-name=\"acceptance-415\"><span class=\"wpcf7-form-control wpcf7-acceptance\"><span class=\"wpcf7-list-item\"><input type=\"checkbox\" name=\"acceptance-415\" value=\"1\" aria-invalid=\"false\" \/><\/span><\/span><\/span> Acepto recibir la informaci\u00f3n que la entidad considere oportuno enviarme por correo electr\u00f3nico o medio de comunicaci\u00f3n electr\u00f3nica equivalente. (Es posible darse de baja en cualquier momento).<\/span><br \/>\n<\/span>\n<\/p>\n<p><input class=\"wpcf7-form-control wpcf7-submit has-spinner\" type=\"submit\" value=\"Enviar\" \/>\n<\/p><div class=\"fusion-alert alert custom alert-custom fusion-alert-center wpcf7-response-output fusion-alert-capitalize awb-alert-native-link-color alert-dismissable awb-alert-close-boxed\" style=\"--awb-border-size:1px;--awb-border-top-left-radius:0px;--awb-border-top-right-radius:0px;--awb-border-bottom-left-radius:0px;--awb-border-bottom-right-radius:0px;\" role=\"alert\"><div class=\"fusion-alert-content-wrapper\"><span class=\"fusion-alert-content\"><\/span><\/div><button type=\"button\" class=\"close toggle-alert\" data-dismiss=\"alert\" aria-label=\"Close\">&times;<\/button><\/div>\n<\/form>\n<\/div>\n<div class=\"fusion-clearfix\"><\/div><\/div><\/div><div class=\"fusion-layout-column fusion_builder_column fusion-builder-column-12 fusion_builder_column_1_5 1_5 fusion-one-fifth fusion-column-last fusion-no-small-visibility\" style=\"--awb-bg-size:cover;width:16.8%;\"><div class=\"fusion-column-wrapper fusion-flex-column-wrapper-legacy\"><div class=\"fusion-clearfix\"><\/div><\/div><\/div><\/div><\/div><\/p>\n","protected":false},"excerpt":{"rendered":"","protected":false},"author":1,"featured_media":0,"parent":0,"menu_order":0,"comment_status":"closed","ping_status":"closed","template":"100-width.php","meta":{"footnotes":""},"class_list":["post-4293","page","type-page","status-publish","hentry"],"yoast_head":"<!-- This site is optimized with the Yoast SEO Premium plugin v23.6 (Yoast SEO v23.6) - https:\/\/yoast.com\/wordpress\/plugins\/seo\/ -->\n<title>Prensa - MyRentalHost<\/title>\n<meta name=\"description\" content=\"Todas las notas de prensa donde los medios hablan de MyRentalHost, empresa de gestion de apartamentos turisticos.\" \/>\n<meta name=\"robots\" content=\"index, follow, max-snippet:-1, max-image-preview:large, max-video-preview:-1\" \/>\n<link rel=\"canonical\" href=\"https:\/\/myrentalhost.com\/en\/prensa-apartamentos-turisticos\/\" \/>\n<meta property=\"og:locale\" content=\"en_US\" \/>\n<meta property=\"og:type\" content=\"article\" \/>\n<meta property=\"og:title\" content=\"Notas de Prensa de MyRentalHost\" \/>\n<meta property=\"og:description\" content=\"Todas las notas de prensa donde los medios hablan de MyRentalHost, empresa de gestion de apartamentos turisticos.\" \/>\n<meta property=\"og:url\" content=\"https:\/\/myrentalhost.com\/en\/prensa-apartamentos-turisticos\/\" \/>\n<meta property=\"og:site_name\" content=\"MyRentalHost\" \/>\n<meta property=\"article:publisher\" content=\"https:\/\/www.facebook.com\/MyRentalHost\/\" \/>\n<meta property=\"article:modified_time\" content=\"2021-01-14T13:57:09+00:00\" \/>\n<meta property=\"og:image\" content=\"https:\/\/myrentalhost.com\/wp-content\/uploads\/2021\/01\/Depositphotos_148910169_xl-2015-scaled.jpg\" \/>\n<meta name=\"twitter:card\" content=\"summary_large_image\" \/>\n<meta name=\"twitter:title\" content=\"Prensa\" \/>\n<meta name=\"twitter:site\" content=\"@myrentalhost\" \/>\n<meta name=\"twitter:label1\" content=\"Est. reading time\" \/>\n\t<meta name=\"twitter:data1\" content=\"42 minutes\" \/>\n<script type=\"application\/ld+json\" class=\"yoast-schema-graph\">{\"@context\":\"https:\/\/schema.org\",\"@graph\":[{\"@type\":\"WebPage\",\"@id\":\"https:\/\/myrentalhost.com\/en\/prensa-apartamentos-turisticos\/\",\"url\":\"https:\/\/myrentalhost.com\/en\/prensa-apartamentos-turisticos\/\",\"name\":\"Prensa - MyRentalHost\",\"isPartOf\":{\"@id\":\"https:\/\/myrentalhost.com\/en\/#website\"},\"primaryImageOfPage\":{\"@id\":\"https:\/\/myrentalhost.com\/en\/prensa-apartamentos-turisticos\/#primaryimage\"},\"image\":{\"@id\":\"https:\/\/myrentalhost.com\/en\/prensa-apartamentos-turisticos\/#primaryimage\"},\"thumbnailUrl\":\"https:\/\/myrentalhost.com\/wp-content\/uploads\/2021\/01\/Screenshot-2021-01-12-at-23.37.03.png\",\"datePublished\":\"2021-01-07T23:56:20+00:00\",\"dateModified\":\"2021-01-14T13:57:09+00:00\",\"description\":\"Todas las notas de prensa donde los medios hablan de MyRentalHost, empresa de gestion de apartamentos turisticos.\",\"breadcrumb\":{\"@id\":\"https:\/\/myrentalhost.com\/en\/prensa-apartamentos-turisticos\/#breadcrumb\"},\"inLanguage\":\"en-US\",\"potentialAction\":[{\"@type\":\"ReadAction\",\"target\":[\"https:\/\/myrentalhost.com\/en\/prensa-apartamentos-turisticos\/\"]}]},{\"@type\":\"ImageObject\",\"inLanguage\":\"en-US\",\"@id\":\"https:\/\/myrentalhost.com\/en\/prensa-apartamentos-turisticos\/#primaryimage\",\"url\":\"https:\/\/myrentalhost.com\/wp-content\/uploads\/2021\/01\/Screenshot-2021-01-12-at-23.37.03.png\",\"contentUrl\":\"https:\/\/myrentalhost.com\/wp-content\/uploads\/2021\/01\/Screenshot-2021-01-12-at-23.37.03.png\"},{\"@type\":\"BreadcrumbList\",\"@id\":\"https:\/\/myrentalhost.com\/en\/prensa-apartamentos-turisticos\/#breadcrumb\",\"itemListElement\":[{\"@type\":\"ListItem\",\"position\":1,\"name\":\"Home\",\"item\":\"https:\/\/myrentalhost.com\/en\/\"},{\"@type\":\"ListItem\",\"position\":2,\"name\":\"Prensa\"}]},{\"@type\":\"WebSite\",\"@id\":\"https:\/\/myrentalhost.com\/en\/#website\",\"url\":\"https:\/\/myrentalhost.com\/en\/\",\"name\":\"MyRentalHost\",\"description\":\"Making you the best host in the city\",\"publisher\":{\"@id\":\"https:\/\/myrentalhost.com\/en\/#organization\"},\"potentialAction\":[{\"@type\":\"SearchAction\",\"target\":{\"@type\":\"EntryPoint\",\"urlTemplate\":\"https:\/\/myrentalhost.com\/en\/?s={search_term_string}\"},\"query-input\":{\"@type\":\"PropertyValueSpecification\",\"valueRequired\":true,\"valueName\":\"search_term_string\"}}],\"inLanguage\":\"en-US\"},{\"@type\":\"Organization\",\"@id\":\"https:\/\/myrentalhost.com\/en\/#organization\",\"name\":\"MyRentalHost\",\"url\":\"https:\/\/myrentalhost.com\/en\/\",\"logo\":{\"@type\":\"ImageObject\",\"inLanguage\":\"en-US\",\"@id\":\"https:\/\/myrentalhost.com\/en\/#\/schema\/logo\/image\/\",\"url\":\"https:\/\/myrentalhost.com\/wp-content\/uploads\/2020\/06\/LogoFINALcuiadrado.jpg\",\"contentUrl\":\"https:\/\/myrentalhost.com\/wp-content\/uploads\/2020\/06\/LogoFINALcuiadrado.jpg\",\"width\":438,\"height\":430,\"caption\":\"MyRentalHost\"},\"image\":{\"@id\":\"https:\/\/myrentalhost.com\/en\/#\/schema\/logo\/image\/\"},\"sameAs\":[\"https:\/\/www.facebook.com\/MyRentalHost\/\",\"https:\/\/x.com\/myrentalhost\",\"https:\/\/www.instagram.com\/myrentalhost\/\",\"https:\/\/www.linkedin.com\/company\/myrentalhost\/\",\"https:\/\/www.youtube.com\/channel\/UCNMe78UNfgPW--AEVbvNmEQ\"]}]}<\/script>\n<!-- \/ Yoast SEO Premium plugin. -->","yoast_head_json":{"title":"Prensa - MyRentalHost","description":"Todas las notas de prensa donde los medios hablan de MyRentalHost, empresa de gestion de apartamentos turisticos.","robots":{"index":"index","follow":"follow","max-snippet":"max-snippet:-1","max-image-preview":"max-image-preview:large","max-video-preview":"max-video-preview:-1"},"canonical":"https:\/\/myrentalhost.com\/en\/prensa-apartamentos-turisticos\/","og_locale":"en_US","og_type":"article","og_title":"Notas de Prensa de MyRentalHost","og_description":"Todas las notas de prensa donde los medios hablan de MyRentalHost, empresa de gestion de apartamentos turisticos.","og_url":"https:\/\/myrentalhost.com\/en\/prensa-apartamentos-turisticos\/","og_site_name":"MyRentalHost","article_publisher":"https:\/\/www.facebook.com\/MyRentalHost\/","article_modified_time":"2021-01-14T13:57:09+00:00","og_image":[{"url":"https:\/\/myrentalhost.com\/wp-content\/uploads\/2021\/01\/Depositphotos_148910169_xl-2015-scaled.jpg"}],"twitter_card":"summary_large_image","twitter_title":"Prensa","twitter_site":"@myrentalhost","twitter_misc":{"Est. reading time":"42 minutes"},"schema":{"@context":"https:\/\/schema.org","@graph":[{"@type":"WebPage","@id":"https:\/\/myrentalhost.com\/en\/prensa-apartamentos-turisticos\/","url":"https:\/\/myrentalhost.com\/en\/prensa-apartamentos-turisticos\/","name":"Prensa - MyRentalHost","isPartOf":{"@id":"https:\/\/myrentalhost.com\/en\/#website"},"primaryImageOfPage":{"@id":"https:\/\/myrentalhost.com\/en\/prensa-apartamentos-turisticos\/#primaryimage"},"image":{"@id":"https:\/\/myrentalhost.com\/en\/prensa-apartamentos-turisticos\/#primaryimage"},"thumbnailUrl":"https:\/\/myrentalhost.com\/wp-content\/uploads\/2021\/01\/Screenshot-2021-01-12-at-23.37.03.png","datePublished":"2021-01-07T23:56:20+00:00","dateModified":"2021-01-14T13:57:09+00:00","description":"Todas las notas de prensa donde los medios hablan de MyRentalHost, empresa de gestion de apartamentos turisticos.","breadcrumb":{"@id":"https:\/\/myrentalhost.com\/en\/prensa-apartamentos-turisticos\/#breadcrumb"},"inLanguage":"en-US","potentialAction":[{"@type":"ReadAction","target":["https:\/\/myrentalhost.com\/en\/prensa-apartamentos-turisticos\/"]}]},{"@type":"ImageObject","inLanguage":"en-US","@id":"https:\/\/myrentalhost.com\/en\/prensa-apartamentos-turisticos\/#primaryimage","url":"https:\/\/myrentalhost.com\/wp-content\/uploads\/2021\/01\/Screenshot-2021-01-12-at-23.37.03.png","contentUrl":"https:\/\/myrentalhost.com\/wp-content\/uploads\/2021\/01\/Screenshot-2021-01-12-at-23.37.03.png"},{"@type":"BreadcrumbList","@id":"https:\/\/myrentalhost.com\/en\/prensa-apartamentos-turisticos\/#breadcrumb","itemListElement":[{"@type":"ListItem","position":1,"name":"Home","item":"https:\/\/myrentalhost.com\/en\/"},{"@type":"ListItem","position":2,"name":"Prensa"}]},{"@type":"WebSite","@id":"https:\/\/myrentalhost.com\/en\/#website","url":"https:\/\/myrentalhost.com\/en\/","name":"MyRentalHost","description":"Making you the best host in the city","publisher":{"@id":"https:\/\/myrentalhost.com\/en\/#organization"},"potentialAction":[{"@type":"SearchAction","target":{"@type":"EntryPoint","urlTemplate":"https:\/\/myrentalhost.com\/en\/?s={search_term_string}"},"query-input":{"@type":"PropertyValueSpecification","valueRequired":true,"valueName":"search_term_string"}}],"inLanguage":"en-US"},{"@type":"Organization","@id":"https:\/\/myrentalhost.com\/en\/#organization","name":"MyRentalHost","url":"https:\/\/myrentalhost.com\/en\/","logo":{"@type":"ImageObject","inLanguage":"en-US","@id":"https:\/\/myrentalhost.com\/en\/#\/schema\/logo\/image\/","url":"https:\/\/myrentalhost.com\/wp-content\/uploads\/2020\/06\/LogoFINALcuiadrado.jpg","contentUrl":"https:\/\/myrentalhost.com\/wp-content\/uploads\/2020\/06\/LogoFINALcuiadrado.jpg","width":438,"height":430,"caption":"MyRentalHost"},"image":{"@id":"https:\/\/myrentalhost.com\/en\/#\/schema\/logo\/image\/"},"sameAs":["https:\/\/www.facebook.com\/MyRentalHost\/","https:\/\/x.com\/myrentalhost","https:\/\/www.instagram.com\/myrentalhost\/","https:\/\/www.linkedin.com\/company\/myrentalhost\/","https:\/\/www.youtube.com\/channel\/UCNMe78UNfgPW--AEVbvNmEQ"]}]}},"_links":{"self":[{"href":"https:\/\/myrentalhost.com\/en\/wp-json\/wp\/v2\/pages\/4293","targetHints":{"allow":["GET"]}}],"collection":[{"href":"https:\/\/myrentalhost.com\/en\/wp-json\/wp\/v2\/pages"}],"about":[{"href":"https:\/\/myrentalhost.com\/en\/wp-json\/wp\/v2\/types\/page"}],"author":[{"embeddable":true,"href":"https:\/\/myrentalhost.com\/en\/wp-json\/wp\/v2\/users\/1"}],"replies":[{"embeddable":true,"href":"https:\/\/myrentalhost.com\/en\/wp-json\/wp\/v2\/comments?post=4293"}],"version-history":[{"count":23,"href":"https:\/\/myrentalhost.com\/en\/wp-json\/wp\/v2\/pages\/4293\/revisions"}],"predecessor-version":[{"id":4418,"href":"https:\/\/myrentalhost.com\/en\/wp-json\/wp\/v2\/pages\/4293\/revisions\/4418"}],"wp:attachment":[{"href":"https:\/\/myrentalhost.com\/en\/wp-json\/wp\/v2\/media?parent=4293"}],"curies":[{"name":"wp","href":"https:\/\/api.w.org\/{rel}","templated":true}]}}